{"id":5,"date":"2012-03-21T14:58:25","date_gmt":"2012-03-21T14:58:25","guid":{"rendered":"http:\/\/www.gite.annefraysse.com\/?page_id=5"},"modified":"2025-02-23T17:10:12","modified_gmt":"2025-02-23T17:10:12","slug":"le-gite","status":"publish","type":"page","link":"https:\/\/www.dornieres.fr\/?page_id=5","title":{"rendered":"Le g\u00eete"},"content":{"rendered":"<p>Il est situ\u00e9 en rez de jardin du chalet, expos\u00e9 plein sud, \u00e0 10 minutes \u00e0 pied du centre station.<br \/>\nSpacieux et lumineux, il s&rsquo;ouvre sur la prairie et la for\u00eat.<br \/>\nLe propri\u00e9taire est pr\u00e9sent.<br \/>\nSa capacit\u00e9 maximale est de 6 personnes. Sa surface est de 80 m2. Il est compos\u00e9 de 3 chambres avec chacune une salle d\u2019eau, 1 cuisine \u00e9quip\u00e9e ouverte sur s\u00e9jour et salon, 1 WC ind\u00e9pendant, 1 jardin.<strong><br \/>\n<\/strong>Possibilit\u00e9 d&rsquo;un lit d&rsquo;appoint pour une personne en plus, moyennant un co\u00fbt suppl\u00e9mentaire.<strong><strong><br \/>\n<\/strong><\/strong><\/p>\n<p><strong><br \/>\n<strong>Descriptif&nbsp;:&nbsp;&nbsp; &nbsp;&nbsp;&nbsp; &nbsp;&nbsp;&nbsp; &nbsp;&nbsp;&nbsp; &nbsp;&nbsp;&nbsp; &nbsp;<\/strong><br \/>\n<\/strong>Chambre n\u00b01 : 2 lits 90 , salle d\u2019eau avec douche , vasque et s\u00e8che serviette<br \/>\nChambre n\u00b02 : 2 lits 90 , salle d\u2019eau avec douche , vasque et s\u00e8che serviette<br \/>\nChambre n\u00b03 : 1 lit 140 , salle d\u2019eau avec vasque , baignoire et s\u00e8che serviette<\/p>\n<p>Chaque lit est \u00e9quip\u00e9 d&rsquo;une couette.<\/p>\n<p>WC : S\u00e9par\u00e9.<br \/>\nCuisine de 8.40 m\u00b2 ( Four, micro-ondes, appareils \u00e0 raclette, \u00e0 fondue, grille pain, bouilloire \u00e9lectrique, frigo, compartiment cong\u00e9lateur, lave vaisselle, lave linge, mixeur, cafeti\u00e8re \u00e9lectrique).<br \/>\nS\u00e9jour\/Salon de 27.60 m\u00b2.<br \/>\nTV, chaines satellites gratuites, WIFI gratuit.<br \/>\nLit et chaise b\u00e9b\u00e9 gratuit.<br \/>\nChaises longues, plancha, salon de jardin .<br \/>\nTerrasse engazonn\u00e9e 100 m\u00b2.<\/p>\n<p>ngg_shortcode_0_placeholder<strong><br \/>\n<span style=\"text-decoration: underline;\"><span style=\"color: #ff0000;\"><a href=\"#\"><span style=\"color: #ff0000; text-decoration: underline;\">haut de page<\/span><\/a><\/span><\/span><\/strong><\/p>\n<p>&nbsp;<\/p>\n","protected":false},"excerpt":{"rendered":"<p>Il est situ\u00e9 en rez de jardin du chalet, expos\u00e9 plein sud, \u00e0 10 minutes \u00e0 pied du centre station. Spacieux et lumineux, il s&rsquo;ouvre sur la prairie et la for\u00eat. Le propri\u00e9taire est pr\u00e9sent. Sa capacit\u00e9 maximale est de 6 personnes. Sa surface est de 80 m2. Il est compos\u00e9 de 3 chambres avec &hellip; <\/p>\n<p class=\"link-more\"><a href=\"https:\/\/www.dornieres.fr\/?page_id=5\" class=\"more-link\">Continuer la lecture<span class=\"screen-reader-text\"> de &laquo;&nbsp;Le g\u00eete&nbsp;&raquo;<\/span><\/a><\/p>\n","protected":false},"author":1,"featured_media":1629,"parent":0,"menu_order":2,"comment_status":"closed","ping_status":"closed","template":"","meta":{"ngg_post_thumbnail":0},"aioseo_notices":[],"_links":{"self":[{"href":"https:\/\/www.dornieres.fr\/index.php?rest_route=\/wp\/v2\/pages\/5"}],"collection":[{"href":"https:\/\/www.dornieres.fr\/index.php?rest_route=\/wp\/v2\/pages"}],"about":[{"href":"https:\/\/www.dornieres.fr\/index.php?rest_route=\/wp\/v2\/types\/page"}],"author":[{"embeddable":true,"href":"https:\/\/www.dornieres.fr\/index.php?rest_route=\/wp\/v2\/users\/1"}],"replies":[{"embeddable":true,"href":"https:\/\/www.dornieres.fr\/index.php?rest_route=%2Fwp%2Fv2%2Fcomments&post=5"}],"version-history":[{"count":91,"href":"https:\/\/www.dornieres.fr\/index.php?rest_route=\/wp\/v2\/pages\/5\/revisions"}],"predecessor-version":[{"id":2198,"href":"https:\/\/www.dornieres.fr\/index.php?rest_route=\/wp\/v2\/pages\/5\/revisions\/2198"}],"wp:featuredmedia":[{"embeddable":true,"href":"https:\/\/www.dornieres.fr\/index.php?rest_route=\/wp\/v2\/media\/1629"}],"wp:attachment":[{"href":"https:\/\/www.dornieres.fr\/index.php?rest_route=%2Fwp%2Fv2%2Fmedia&parent=5"}],"curies":[{"name":"wp","href":"https:\/\/api.w.org\/{rel}","templated":true}]}}